{"id":326833,"date":"2026-03-11T10:32:50","date_gmt":"2026-03-11T09:32:50","guid":{"rendered":"https:\/\/www.luxor.cz\/blog\/?post_type=tribe_events&#038;p=326833"},"modified":"2026-03-11T10:34:24","modified_gmt":"2026-03-11T09:34:24","slug":"beseda-ferdinanda-lefflera-s-autogramiadou","status":"publish","type":"tribe_events","link":"https:\/\/www.luxor.cz\/blog\/akce\/beseda-ferdinanda-lefflera-s-autogramiadou\/","title":{"rendered":"Beseda Ferdinanda Lefflera s autogrami\u00e1dou"},"content":{"rendered":"<div  class=\"tribe-events-schedule tribe-clearfix\" >\n\t<p class=\"tribe-events-schedule__datetime\">\n\t\t<span class=\"tribe-events-schedule__date tribe-events-schedule__date--start\">\n\t\t\t24. 3.\t\t<\/span>\n\n\t\t\t\t\t<span class=\"tribe-events-schedule__separator tribe-events-schedule__separator--date\">\n\t\t\t\t \t\t\t<\/span>\n\t\t\t<span class=\"tribe-events-schedule__time tribe-events-schedule__time--start\">\n\t\t\t\t17:00\t\t\t<\/span>\n\t\t\n\t\t\t\t\t\t\t\t\t<span class=\"tribe-events-schedule__separator tribe-events-schedule__separator--time\">\n\t\t\t\t\t &#8211; \t\t\t\t<\/span>\n\t\t\t\n\t\t\t\t\t\t\t<span class=\"tribe-events-schedule__time tribe-events-schedule__time--end\">\n\t\t\t\t\t18:30\t\t\t\t<\/span>\n\t\t\t\n\t\t\t\t\t\t<\/p>\n<\/div>\n\n\n\n<figure class=\"wp-block-image size-large\"><img fetchpriority=\"high\" decoding=\"async\" width=\"1024\" height=\"536\" src=\"https:\/\/www.luxor.cz\/blog\/wp-content\/uploads\/1200x628-18-1024x536.jpg\" alt=\"\" class=\"wp-image-326834\" title=\"\" srcset=\"https:\/\/www.luxor.cz\/blog\/wp-content\/uploads\/1200x628-18-1024x536.jpg 1024w, https:\/\/www.luxor.cz\/blog\/wp-content\/uploads\/1200x628-18-300x157.jpg 300w, https:\/\/www.luxor.cz\/blog\/wp-content\/uploads\/1200x628-18-768x402.jpg 768w, https:\/\/www.luxor.cz\/blog\/wp-content\/uploads\/1200x628-18-600x314.jpg 600w, https:\/\/www.luxor.cz\/blog\/wp-content\/uploads\/1200x628-18-1000x523.jpg 1000w, https:\/\/www.luxor.cz\/blog\/wp-content\/uploads\/1200x628-18-994x520.jpg 994w, https:\/\/www.luxor.cz\/blog\/wp-content\/uploads\/1200x628-18.jpg 1200w\" sizes=\"(max-width: 1024px) 100vw, 1024px\" \/><\/figure>\n\n\n\n<p><\/p>\n\n\n\n<p>Srde\u010dn\u011b v\u00e1s zveme na <strong>besedu a autogrami\u00e1du zn\u00e1m\u00e9ho zahradn\u00edho design\u00e9ra Ferdinanda Lefflera <\/strong>k jeho nejnov\u011bj\u0161\u00ed knize <a href=\"https:\/\/www.luxor.cz\/v\/2133592\/proc-milujeme-zahrady-rady-a-inspirace-pro-zahradu-ve-ktere-se-dobre-zije\"><em>Pro\u010d milujeme zahrady?<\/em><\/a>. Akce prob\u011bhne v \u00fater\u00fd <strong>24. b\u0159ezna od 17 hodin<\/strong> v kav\u00e1rn\u011b Pal\u00e1ce knih Luxor (V\u00e1clavsk\u00e9 n\u00e1m. 41, 1. patro) v Praze. <\/p>\n\n\n\n<p>P\u0159ij\u010fte se setkat s autorem popul\u00e1rn\u00edho televizn\u00edho po\u0159adu Ferdinandovy zahrady a n\u011bkolika \u00fasp\u011b\u0161n\u00fdch publikac\u00ed o zahradni\u010den\u00ed!<\/p>\n\n\n\n<p><strong>Vstup je zdarma.<\/strong><\/p>\n\n\n\n<p><\/p>\n\n\n\n<div class=\"wp-block-columns is-layout-flex wp-container-core-columns-is-layout-1 wp-block-columns-is-layout-flex\">\n<div class=\"wp-block-column is-vertically-aligned-center is-layout-flow wp-block-column-is-layout-flow\">\n<figure class=\"wp-block-image size-large\"><a href=\"https:\/\/www.luxor.cz\/v\/2133592\/proc-milujeme-zahrady-rady-a-inspirace-pro-zahradu-ve-ktere-se-dobre-zije\" target=\"_blank\" rel=\" noreferrer noopener\"><img decoding=\"async\" src=\"https:\/\/img.luxor.cz\/detail_big\/1400\/800\/produkty\/9788027526833.webp?cbk=345819\" alt=\"\" title=\"\"><\/a><\/figure>\n<\/div>\n\n\n\n<div class=\"wp-block-column is-vertically-aligned-center is-layout-flow wp-block-column-is-layout-flow\">\n<h2 class=\"wp-block-heading\">O knize:<\/h2>\n\n\n\n<h3 class=\"wp-block-heading\"><strong>Rady a inspirace pro zahradu, ve kter\u00e9 se dob\u0159e \u017eije<\/strong><\/h3>\n\n\n\n<p>Ka\u017ed\u00fd kout va\u0161\u00ed zahrady se m\u016f\u017ee st\u00e1t zdrojem radosti, uvoln\u011bn\u00ed i&nbsp;p\u0159irozen\u00fdm antidepresivem v&nbsp;usp\u011bchan\u00e9m sv\u011bt\u011b. Projd\u011bte se des\u00edtkou zahrad navr\u017een\u00fdch v&nbsp;ateli\u00e9ru Flera a&nbsp;objevte, jak p\u0159etvo\u0159it vlastn\u00ed venkovn\u00ed prostor v&nbsp;m\u00edsto, kter\u00e9 budete milovat. D\u016fvod\u016f, pro\u010d si zamilovat zahradu, existuje nespo\u010det. Z\u00e1le\u017e\u00ed v\u017edy na tom, co pr\u00e1v\u011b v\u00e1m p\u0159in\u00e1\u0161\u00ed \u017eivotn\u00ed spokojenost. D\u00edky tomuto sebepozn\u00e1n\u00ed a&nbsp;promy\u0161len\u00e9mu konceptu vznik\u00e1 zahrada, kde dok\u00e1\u017eeme zpomalit, nadechnout se a&nbsp;za\u017e\u00edvat ka\u017edodenn\u00ed \u0161t\u011bst\u00ed po cel\u00fd rok.<br>Tato podn\u011btn\u00e1 publikace je ji\u017e \u010dtvrtou knihou renomovan\u00e9ho \u010desk\u00e9ho zahradn\u00edho design\u00e9ra Ferdinanda Lefflera, zakladatele \u00fasp\u011b\u0161n\u00e9ho ateli\u00e9ru Flera, autora popul\u00e1rn\u00edch online kurz\u016f a&nbsp;televizn\u00edho po\u0159adu Ferdinandovy zahrady. Krom\u011b p\u0159\u00edb\u011bh\u016f vybran\u00fdch zahrad nab\u00edz\u00ed i&nbsp;mno\u017estv\u00ed praktick\u00fdch doporu\u010den\u00ed pro n\u00e1vrh a&nbsp;tvorbu va\u0161\u00ed vlastn\u00ed zahrady, kter\u00e9 doprov\u00e1z\u00ed bohat\u00e1 galerie inspirativn\u00edch fotografi\u00ed.<br>Ned\u00edlnou sou\u010d\u00e1st\u00ed knihy je tak\u00e9 podrobn\u00fd pr\u016fvodce, d\u00edky n\u011bmu\u017e objev\u00edte kouzlo jedl\u00e9 zahrady, v\u010detn\u011b pe\u010dliv\u011b navr\u017een\u00fdch osazovac\u00edch pl\u00e1n\u016f i&nbsp;osv\u011bd\u010den\u00fdch rad a&nbsp;tip\u016f od r\u016fzn\u00fdch odborn\u00edk\u016f v&nbsp;oboru.<\/p>\n<\/div>\n<\/div>\n\n\n\n<p><\/p>\n\n\n\n<div class=\"wp-block-buttons is-content-justification-center is-layout-flex wp-container-core-buttons-is-layout-1 wp-block-buttons-is-layout-flex\">\n<div class=\"wp-block-button\"><a class=\"wp-block-button__link has-white-color has-black-background-color has-text-color has-background has-link-color wp-element-button\" href=\"https:\/\/www.luxor.cz\/v\/2133592\/proc-milujeme-zahrady-rady-a-inspirace-pro-zahradu-ve-ktere-se-dobre-zije\" target=\"_blank\" rel=\"noreferrer noopener\">Pro\u010d milujeme zahrady?<\/a><\/div>\n<\/div>\n\n\n<div  class=\"tribe-block tribe-block__event-price\" >\n\t\t<\/div>\n\n\n\n\n<div  class=\"tribe-block tribe-block__venue tribe-clearfix tribe-block__venue--has-map\" >\n\t\n\t\n<div class=\"tribe-block__venue__meta\">\n\t<div class=\"tribe-block__venue__name\">\n\t\t<h3>Pal\u00e1c knih Luxor<\/h3>\n\t<\/div>\n\n\t\n\t\t\t\t\t\t<address class=\"tribe-block__venue__address\">\n\t\t\t\t<span class=\"tribe-address\">\n\n<span class=\"tribe-street-address\">V\u00e1clavsk\u00e9 n\u00e1m\u011bst\u00ed 820\/41<\/span>\n\t\n\t\t<br>\n\t\t<span class=\"tribe-locality\">Praha 1<\/span><span class=\"tribe-delimiter\">,<\/span>\n\n\n\t<span class=\"tribe-postal-code\">11000<\/span>\n\n\t<span class=\"tribe-country-name\">\u010cesk\u00e1 republika<\/span>\n\n<\/span>\n\n\t\t\t\t\t\t\t\t\t<a class=\"tribe-events-gmap\" href=\"https:\/\/maps.google.com\/maps?f=q&#038;source=s_q&#038;hl=en&#038;geocode=&#038;q=V%C3%A1clavsk%C3%A9+n%C3%A1m%C4%9Bst%C3%AD+820%2F41+Praha+1+11000+%C4%8Cesk%C3%A1+republika\" title=\"Klikn\u011bte pro zobrazen\u00ed ve slu\u017eb\u011b Mapy Google\" target=\"_blank\" rel=\"noreferrer noopener\">+ Google Mapa<\/a>\t\t\t\t\t\t\t<\/address>\n\t\t\n\t\t\t\t\t<span class=\"tribe-block__venue__phone\">296 110 372<\/span><br \/>\n\t\t\n\t\t\t\n\t<\/div>\n\t\n<div class=\"tribe-block__venue__map\">\n\t<div id=\"tribe-events-gmap-0\" style=\"height: 256px; width: 310px\" aria-hidden=\"true\"><\/div><!-- #tribe-events-gmap- -->\n<\/div>\n\n\t<\/div>\n\n\n<div  class=\"tribe-block tribe-block__event-website\" >\n\t<a href=\"https:\/\/www.facebook.com\/events\/1853739471885378\" target=\"_self\" rel=\"noopener\">\n\t\tUd\u00e1lost na Facebooku\t<\/a>\n<\/div>\n\n\n\t<div  class=\"tribe-block tribe-block__events-link\" >\n\t\t<div class=\"tribe-events tribe-common\">\n\t\t\t<div class=\"tribe-events-c-subscribe-dropdown__container\">\n\t\t\t\t<div class=\"tribe-events-c-subscribe-dropdown\">\n\t\t\t\t\t<div class=\"tribe-common-c-btn-border tribe-events-c-subscribe-dropdown__button\">\n\t\t\t\t\t\t<svg\n\t class=\"tribe-common-c-svgicon tribe-common-c-svgicon--cal-export tribe-events-c-subscribe-dropdown__export-icon\" \taria-hidden=\"true\"\n\tviewBox=\"0 0 23 17\"\n\txmlns=\"http:\/\/www.w3.org\/2000\/svg\"\n>\n\t<path fill-rule=\"evenodd\" clip-rule=\"evenodd\" d=\"M.128.896V16.13c0 .211.145.383.323.383h15.354c.179 0 .323-.172.323-.383V.896c0-.212-.144-.383-.323-.383H.451C.273.513.128.684.128.896Zm16 6.742h-.901V4.679H1.009v10.729h14.218v-3.336h.901V7.638ZM1.01 1.614h14.218v2.058H1.009V1.614Z\" \/>\n\t<path d=\"M20.5 9.846H8.312M18.524 6.953l2.89 2.909-2.855 2.855\" stroke-width=\"1.2\" stroke-linecap=\"round\" stroke-linejoin=\"round\"\/>\n<\/svg>\n\t\t\t\t\t\t<button\n\t\t\t\t\t\t\tclass=\"tribe-events-c-subscribe-dropdown__button-text\"\n\t\t\t\t\t\t\taria-expanded=\"false\"\n\t\t\t\t\t\t\taria-controls=\"tribe-events-subscribe-dropdown-content\"\n\t\t\t\t\t\t\taria-label=\"Zobrazit odkazy pro p\u0159id\u00e1n\u00ed akc\u00ed do kalend\u00e1\u0159e\"\n\t\t\t\t\t\t>\n\t\t\t\t\t\t\tP\u0159idat do kalend\u00e1\u0159e\t\t\t\t\t\t<\/button>\n\t\t\t\t\t\t<svg\n\t class=\"tribe-common-c-svgicon tribe-common-c-svgicon--caret-down tribe-events-c-subscribe-dropdown__button-icon\" \taria-hidden=\"true\"\n\tviewBox=\"0 0 10 7\"\n\txmlns=\"http:\/\/www.w3.org\/2000\/svg\"\n>\n\t<path fill-rule=\"evenodd\" clip-rule=\"evenodd\" d=\"M1.008.609L5 4.6 8.992.61l.958.958L5 6.517.05 1.566l.958-.958z\" class=\"tribe-common-c-svgicon__svg-fill\"\/>\n<\/svg>\n\t\t\t\t\t<\/div>\n\t\t\t\t\t<div id=\"tribe-events-subscribe-dropdown-content\" class=\"tribe-events-c-subscribe-dropdown__content\">\n\t\t\t\t\t\t<ul class=\"tribe-events-c-subscribe-dropdown__list\">\n\t\t\t\t\t\t\t\t\t\t\t\t\t\t\t<li class=\"tribe-events-c-subscribe-dropdown__list-item tribe-events-c-subscribe-dropdown__list-item--gcal\">\n\t\t\t\t\t\t\t\t\t<a href=\"https:\/\/www.google.com\/calendar\/event?action=TEMPLATE&#038;dates=20260324T170000\/20260324T183000&#038;text=Beseda%20Ferdinanda%20Lefflera%20s%20autogrami%C3%A1dou&#038;details=%3Cfigure+class%3D%22wp-block-image+size-large%22%3E%3Cimg+src%3D%22https%3A%2F%2Fwww.luxor.cz%2Fblog%2Fwp-content%2Fuploads%2F1200x628-18-1024x536.jpg%22+alt%3D%22%22+class%3D%22wp-image-326834%22%2F%3E%3C%2Ffigure%3E%3Cp%3E%3C%2Fp%3E+%3Cp%3ESrde%C4%8Dn%C4%9B+v%C3%A1s+zveme+na+%3Cstrong%3Ebesedu+a+autogrami%C3%A1du+zn%C3%A1m%C3%A9ho+zahradn%C3%ADho+design%C3%A9ra+Ferdinanda+Lefflera+%3C%2Fstrong%3Ek+jeho+nejnov%C4%9Bj%C5%A1%C3%AD+knize+%3Ca+href%3D%22https%3A%2F%2Fwww.luxor.cz%2Fv%2F2133592%2Fproc-milujeme-zahrady-rady-a-inspirace-pro-zahradu-ve-ktere-se-dobre-zije%22%3E%3Cem%3EPro%C4%8D+milujeme+zahrady%3F%3C%2Fem%3E%3C%2Fa%3E.+Akce+prob%C4%9Bhne+v+%C3%BAter%C3%BD+%3Cstrong%3E24.+b%C5%99ezna+od+17+hodin%3C%2Fstrong%3E+v+kav%C3%A1rn%C4%9B+Pal%C3%A1ce+knih+Luxor+%28V%C3%A1clavsk%C3%A9+n%C3%A1m.+41%2C+1.+patro%29+v+Praze.+%3C%2Fp%3E+%3Cp%3EP%C5%99ij%C4%8Fte+se+setkat+s+autorem+popul%C3%A1rn%C3%ADho+televizn%C3%ADho+po%C5%99adu+Ferdinandovy+zahrady+a+n%C4%9Bkolika+%C3%BAsp%C4%9B%C5%A1n%C3%BDch+publikac%C3%AD+o+zahradni%C4%8Den%C3%AD%21%3C%2Fp%3E+%3Cp%3E%3Cstrong%3EVstup+je+zdarma.%3C%2Fstrong%3E%3C%2Fp%3E+%3Cp%3E%3C%2Fp%3E+%3Cdiv+class%3D%22wp-block-columns%22%3E%3Cdiv+class%3D%22wp-block-column+is-vertically-aligned-center%22%3E%3Cfigure+class%3D%22wp-block-image+size-large%22%3E%3Ca+href%3D%22https%3A%2F%2Fwww.lux%3C%2Ffigure%3E%3C%2Fdiv%3E%3C%2Fdiv%3E+%28View+Full+akce+Description+Here%3A+https%3A%2F%2Fwww.luxor.cz%2Fblog%2Fakce%2Fbeseda-ferdinanda-lefflera-s-autogramiadou%2F%29&#038;location=Pal\u00e1c%20knih%20Luxor,%20V\u00e1clavsk\u00e9%20n\u00e1m\u011bst\u00ed%20820\/41,%20Praha%201,%2011000,%20\u010cesk\u00e1%20republika&#038;trp=false&#038;ctz=Europe\/Prague&#038;sprop=website:https:\/\/www.luxor.cz\/blog\" class=\"tribe-events-c-subscribe-dropdown__list-item-link\" target=\"_blank\" rel=\"noopener noreferrer nofollow noindex\">\n\t\t\t\t\t\t\t\t\t\tKalend\u00e1\u0159 Google\t\t\t\t\t\t\t\t\t<\/a>\n\t\t\t\t\t\t\t\t<\/li>\n\t\t\t\t\t\t\t\t\t\t\t\t\t\t\t<li class=\"tribe-events-c-subscribe-dropdown__list-item tribe-events-c-subscribe-dropdown__list-item--ical\">\n\t\t\t\t\t\t\t\t\t<a\n\t\t\t\t\t\t\t\t\t\thref=\"\"\n\t\t\t\t\t\t\t\t\t\tclass=\"tribe-events-c-subscribe-dropdown__list-item-link\"\n\t\t\t\t\t\t\t\t\t\ttarget=\"_blank\"\n\t\t\t\t\t\t\t\t\t\trel=\"noopener noreferrer nofollow noindex\"\n\t\t\t\t\t\t\t\t\t>\n\t\t\t\t\t\t\t\t\t\tiCalendar\t\t\t\t\t\t\t\t\t<\/a>\n\t\t\t\t\t\t\t\t<\/li>\n\t\t\t\t\t\t\t\t\t\t\t\t\t\t\t<li class=\"tribe-events-c-subscribe-dropdown__list-item tribe-events-c-subscribe-dropdown__list-item--outlook-365\">\n\t\t\t\t\t\t\t\t\t<a\n\t\t\t\t\t\t\t\t\t\thref=\"\"\n\t\t\t\t\t\t\t\t\t\tclass=\"tribe-events-c-subscribe-dropdown__list-item-link\"\n\t\t\t\t\t\t\t\t\t\ttarget=\"_blank\"\n\t\t\t\t\t\t\t\t\t\trel=\"noopener noreferrer nofollow noindex\"\n\t\t\t\t\t\t\t\t\t>\n\t\t\t\t\t\t\t\t\t\tOutlook 365\t\t\t\t\t\t\t\t\t<\/a>\n\t\t\t\t\t\t\t\t<\/li>\n\t\t\t\t\t\t\t\t\t\t\t\t\t\t\t<li class=\"tribe-events-c-subscribe-dropdown__list-item tribe-events-c-subscribe-dropdown__list-item--outlook-live\">\n\t\t\t\t\t\t\t\t\t<a\n\t\t\t\t\t\t\t\t\t\thref=\"\"\n\t\t\t\t\t\t\t\t\t\tclass=\"tribe-events-c-subscribe-dropdown__list-item-link\"\n\t\t\t\t\t\t\t\t\t\ttarget=\"_blank\"\n\t\t\t\t\t\t\t\t\t\trel=\"noopener noreferrer nofollow noindex\"\n\t\t\t\t\t\t\t\t\t>\n\t\t\t\t\t\t\t\t\t\tOutlook Live\t\t\t\t\t\t\t\t\t<\/a>\n\t\t\t\t\t\t\t\t<\/li>\n\t\t\t\t\t\t\t\t\t\t\t\t\t<\/ul>\n\t\t\t\t\t<\/div>\n\t\t\t\t<\/div>\n\t\t\t<\/div>\n\t\t<\/div>\n\t<\/div>\n\n","protected":false},"excerpt":{"rendered":"<p>Srde\u010dn\u011b v\u00e1s zveme na besedu a autogrami\u00e1du zn\u00e1m\u00e9ho zahradn\u00edho design\u00e9ra Ferdinanda Lefflera k jeho nejnov\u011bj\u0161\u00ed knize Pro\u010d milujeme zahrady?. Akce prob\u011bhne v \u00fater\u00fd 24. b\u0159ezna od 17 hodin v kav\u00e1rn\u011b [&hellip;]<\/p>\n","protected":false},"author":9,"featured_media":0,"template":"","meta":{"_acf_changed":false,"_monsterinsights_skip_tracking":false,"_monsterinsights_sitenote_active":false,"_monsterinsights_sitenote_note":"","_monsterinsights_sitenote_category":0,"_EventAllDay":false,"_EventTimezone":"Europe\/Prague","_EventStartDate":"2026-03-24 17:00:00","_EventEndDate":"2026-03-24 18:30:00","_EventStartDateUTC":"2026-03-24 16:00:00","_EventEndDateUTC":"2026-03-24 17:30:00","_EventShowMap":false,"_EventShowMapLink":false,"_EventURL":"https:\/\/www.facebook.com\/events\/1853739471885378","_EventCost":"","_EventCostDescription":"","_EventCurrencySymbol":"K\u010d","_EventCurrencyCode":"USD","_EventCurrencyPosition":"suffix","_EventDateTimeSeparator":" ","_EventTimeRangeSeparator":" - ","_EventOrganizerID":[],"_EventVenueID":[8],"_OrganizerEmail":"","_OrganizerPhone":"","_OrganizerWebsite":"","_VenueAddress":"","_VenueCity":"","_VenueCountry":"","_VenueProvince":"","_VenueState":"","_VenueZip":"","_VenuePhone":"","_VenueURL":"","_VenueStateProvince":"","_VenueLat":"","_VenueLng":"","_VenueShowMap":false,"_VenueShowMapLink":false,"_tribe_events_status":"","_tribe_events_status_reason":"","twitterCardType":"","cardImageID":0,"cardImage":"","cardTitle":"","cardDesc":"","cardImageAlt":"","cardPlayer":"","cardPlayerWidth":0,"cardPlayerHeight":0,"cardPlayerStream":"","cardPlayerCodec":"","footnotes":""},"tags":[],"tribe_events_cat":[],"class_list":["post-326833","tribe_events","type-tribe_events","status-publish","hentry"],"acf":[],"_links":{"self":[{"href":"https:\/\/www.luxor.cz\/blog\/wp-json\/wp\/v2\/tribe_events\/326833","targetHints":{"allow":["GET"]}}],"collection":[{"href":"https:\/\/www.luxor.cz\/blog\/wp-json\/wp\/v2\/tribe_events"}],"about":[{"href":"https:\/\/www.luxor.cz\/blog\/wp-json\/wp\/v2\/types\/tribe_events"}],"author":[{"embeddable":true,"href":"https:\/\/www.luxor.cz\/blog\/wp-json\/wp\/v2\/users\/9"}],"version-history":[{"count":3,"href":"https:\/\/www.luxor.cz\/blog\/wp-json\/wp\/v2\/tribe_events\/326833\/revisions"}],"predecessor-version":[{"id":326838,"href":"https:\/\/www.luxor.cz\/blog\/wp-json\/wp\/v2\/tribe_events\/326833\/revisions\/326838"}],"wp:attachment":[{"href":"https:\/\/www.luxor.cz\/blog\/wp-json\/wp\/v2\/media?parent=326833"}],"wp:term":[{"taxonomy":"post_tag","embeddable":true,"href":"https:\/\/www.luxor.cz\/blog\/wp-json\/wp\/v2\/tags?post=326833"},{"taxonomy":"tribe_events_cat","embeddable":true,"href":"https:\/\/www.luxor.cz\/blog\/wp-json\/wp\/v2\/tribe_events_cat?post=326833"}],"curies":[{"name":"wp","href":"https:\/\/api.w.org\/{rel}","templated":true}]}}