{"id":236586,"date":"2025-01-06T11:04:24","date_gmt":"2025-01-06T10:04:24","guid":{"rendered":"https:\/\/www.luxor.cz\/blog\/?post_type=tribe_events&#038;p=236586"},"modified":"2025-01-06T11:04:45","modified_gmt":"2025-01-06T10:04:45","slug":"ostrava-beseda-a-autogramiada-daniela-krejcika","status":"publish","type":"tribe_events","link":"https:\/\/www.luxor.cz\/blog\/akce\/ostrava-beseda-a-autogramiada-daniela-krejcika\/","title":{"rendered":"OSTRAVA: Beseda a autogrami\u00e1da Daniela Krej\u010d\u00edka"},"content":{"rendered":"<div  class=\"tribe-events-schedule tribe-clearfix\" >\n\t<p class=\"tribe-events-schedule__datetime\">\n\t\t<span class=\"tribe-events-schedule__date tribe-events-schedule__date--start\">\n\t\t\t15. 1. 2025\t\t<\/span>\n\n\t\t\t\t\t<span class=\"tribe-events-schedule__separator tribe-events-schedule__separator--date\">\n\t\t\t\t \t\t\t<\/span>\n\t\t\t<span class=\"tribe-events-schedule__time tribe-events-schedule__time--start\">\n\t\t\t\t17:00\t\t\t<\/span>\n\t\t\n\t\t\t\t\t\t\t\t\t<span class=\"tribe-events-schedule__separator tribe-events-schedule__separator--time\">\n\t\t\t\t\t &#8211; \t\t\t\t<\/span>\n\t\t\t\n\t\t\t\t\t\t\t<span class=\"tribe-events-schedule__time tribe-events-schedule__time--end\">\n\t\t\t\t\t19:00\t\t\t\t<\/span>\n\t\t\t\n\t\t\t\t\t\t<\/p>\n<\/div>\n\n\n\n<figure class=\"wp-block-image size-large\"><img fetchpriority=\"high\" decoding=\"async\" width=\"1024\" height=\"536\" src=\"https:\/\/www.luxor.cz\/blog\/wp-content\/uploads\/LUXOR_Krejcik_beseda_OC_Nova_Karolina_banner_1200x628-1024x536.jpg\" alt=\"\" class=\"wp-image-236587\" title=\"\" srcset=\"https:\/\/www.luxor.cz\/blog\/wp-content\/uploads\/LUXOR_Krejcik_beseda_OC_Nova_Karolina_banner_1200x628-1024x536.jpg 1024w, https:\/\/www.luxor.cz\/blog\/wp-content\/uploads\/LUXOR_Krejcik_beseda_OC_Nova_Karolina_banner_1200x628-300x157.jpg 300w, https:\/\/www.luxor.cz\/blog\/wp-content\/uploads\/LUXOR_Krejcik_beseda_OC_Nova_Karolina_banner_1200x628-768x402.jpg 768w, https:\/\/www.luxor.cz\/blog\/wp-content\/uploads\/LUXOR_Krejcik_beseda_OC_Nova_Karolina_banner_1200x628-600x314.jpg 600w, https:\/\/www.luxor.cz\/blog\/wp-content\/uploads\/LUXOR_Krejcik_beseda_OC_Nova_Karolina_banner_1200x628-1000x523.jpg 1000w, https:\/\/www.luxor.cz\/blog\/wp-content\/uploads\/LUXOR_Krejcik_beseda_OC_Nova_Karolina_banner_1200x628-994x520.jpg 994w, https:\/\/www.luxor.cz\/blog\/wp-content\/uploads\/LUXOR_Krejcik_beseda_OC_Nova_Karolina_banner_1200x628.jpg 1200w\" sizes=\"(max-width: 1024px) 100vw, 1024px\" \/><\/figure>\n\n\n\n<p><\/p>\n\n\n\n<p>Srde\u010dn\u011b v\u00e1s zveme na <strong>besedu a autogrami\u00e1du Daniela Krej\u010d\u00edka, <\/strong>kter\u00e1 prob\u011bhne p\u0159i p\u0159\u00edle\u017eitosti vyd\u00e1n\u00ed jeho nov\u00e9 knihy <a href=\"https:\/\/www.luxor.cz\/v\/2080606\/hajemstvi-pribeh-kluka-z-pohrebky\" data-type=\"link\" data-id=\"https:\/\/www.luxor.cz\/v\/2080606\/hajemstvi-pribeh-kluka-z-pohrebky\"><em>H\u00e1jemstv\u00ed: P\u0159\u00edb\u011bh kluka z poh\u0159ebky<\/em><\/a>. Akce prob\u011bhne <strong>ve st\u0159edu 15. ledna od 17 hodin<\/strong> v knihkupectv\u00ed LUXOR OC Forum Nov\u00e1 Karolina v Ostrav\u011b.<\/p>\n\n\n\n<p>P\u0159ij\u010fte se setkat s obl\u00edben\u00fdm hercem a autorem a nechte si podepsat jeho novinku!<\/p>\n\n\n\n<p><strong>Vstup je zdarma. <\/strong><\/p>\n\n\n\n<p><\/p>\n\n\n\n<p><\/p>\n\n\n\n<div class=\"wp-block-columns is-layout-flex wp-container-core-columns-is-layout-1 wp-block-columns-is-layout-flex\">\n<div class=\"wp-block-column is-vertically-aligned-center is-layout-flow wp-block-column-is-layout-flow\">\n<figure class=\"wp-block-image size-large\"><a href=\"https:\/\/www.luxor.cz\/v\/2080606\/hajemstvi-pribeh-kluka-z-pohrebky\" target=\"_blank\" rel=\"noreferrer noopener\"><img decoding=\"async\" src=\"https:\/\/img.luxor.cz\/detail_big\/1900\/900\/produkty\/9788024956367.webp?cbk=608652\" alt=\"\" title=\"\"><\/a><\/figure>\n<\/div>\n\n\n\n<div class=\"wp-block-column is-layout-flow wp-block-column-is-layout-flow\">\n<h2 class=\"wp-block-heading\">O knize:<\/h2>\n\n\n\n<p><\/p>\n\n\n\n<p>\u0158\u00edk\u00e1 se, \u017ee d\u011bti si vyb\u00edraj\u00ed, do jak\u00e9 rodiny se narod\u00ed. Dan si t\u00edm tak jist\u00fd nen\u00ed. Anebo m\u011bl jako embryo mnohem \u010dern\u011bj\u0161\u00ed smysl pro humor ne\u017e osud, kter\u00fd ho \u010dekal. Narodil se do rodiny, kde se ji\u017e po n\u011bkolik generac\u00ed d\u011bd\u00ed poh\u0159eb\u00e1ck\u00e9 \u0159emeslo, v malebn\u00e9m m\u011bst\u011b v \u010cesk\u00e9m r\u00e1ji, v Sobotce. Dan m\u011bl b\u00fdt p\u00e1t\u00e1 generace, kter\u00e1 se rodinn\u00e9 poh\u0159ebn\u00ed firmy ujme. Jak si \u010dlov\u011bk v tak drsn\u00e9m prost\u0159ed\u00ed vytv\u00e1\u0159\u00ed sv\u00e9 vlastn\u00ed h\u00e1jemstv\u00ed, prostor, kde se c\u00edt\u00ed bezpe\u010dn\u011b? Daj\u00ed se hledat p\u0159\u00edle\u017eitosti i tam, kde jsou navenek p\u0159ek\u00e1\u017eky? V\u00fdletem do sv\u00e9 vlastn\u00ed rodinn\u00e9 historie Dan zkoum\u00e1, jestli v n\u011bm p\u0159ek\u00e1\u017eky n\u00e1hodou neprobouz\u00ed vlohy, kter\u00e9 by za lep\u0161\u00edch okolnost\u00ed z\u016fstaly sp\u00e1t nav\u011bky. Co n\u00e1s d\u011bl\u00e1 takov\u00e9, jac\u00ed jsme? Autobiografick\u00e9 vypr\u00e1v\u011bn\u00ed o jeho cest\u011b z poh\u0159ebn\u00ed slu\u017eby za sv\u00fdm snem, o pr\u00e1vu na vlastn\u00ed \u017eivot rodinn\u00e9 tradici navzdory a v neposledn\u00ed \u0159ad\u011b i o siln\u00e9m poutu mezi rodi\u010di a d\u011btmi, kter\u00e9 v\u00e1s nejen dojme, ale i pobav\u00ed.<\/p>\n\n\n\n<p><\/p>\n\n\n\n<div class=\"wp-block-buttons is-content-justification-center is-layout-flex wp-container-core-buttons-is-layout-1 wp-block-buttons-is-layout-flex\">\n<div class=\"wp-block-button\"><a class=\"wp-block-button__link has-white-color has-vivid-cyan-blue-background-color has-text-color has-background wp-element-button\" href=\"https:\/\/www.luxor.cz\/v\/2080606\/hajemstvi-pribeh-kluka-z-pohrebky\" target=\"_blank\" rel=\"noreferrer noopener\">H\u00e1jemstv\u00ed<\/a><\/div>\n<\/div>\n<\/div>\n<\/div>\n\n\n<div  class=\"tribe-block tribe-block__venue tribe-clearfix\" >\n\t\n\t\n<div class=\"tribe-block__venue__meta\">\n\t<div class=\"tribe-block__venue__name\">\n\t\t<h3>Knihkupectv\u00ed Forum<\/h3>\n\t<\/div>\n\n\t\n\t\t\t\t\t\t<address class=\"tribe-block__venue__address\">\n\t\t\t\t<span class=\"tribe-address\">\n\n<span class=\"tribe-street-address\">OC Forum<\/span>\n\t\n\t\t<br>\n\t\t<span class=\"tribe-locality\">Liberec<\/span><span class=\"tribe-delimiter\">,<\/span>\n\n\n\t<span class=\"tribe-postal-code\">46001<\/span>\n\n\t<span class=\"tribe-country-name\">\u010cesk\u00e1 republika<\/span>\n\n<\/span>\n\n\t\t\t\t\t\t\t<\/address>\n\t\t\n\t\t\t\t\t<span class=\"tribe-block__venue__phone\">487 919 941<\/span><br \/>\n\t\t\n\t\t\t\n\t<\/div>\n\t\n\t<\/div>\n\n\n<div  class=\"tribe-block tribe-block__event-website\" >\n\t<a href=\"https:\/\/www.facebook.com\/events\/3717153691840365\" target=\"_self\" rel=\"noopener\">\n\t\tUd\u00e1lost na Facebooku\t<\/a>\n<\/div>\n\n\n\t<div  class=\"tribe-block tribe-block__events-link\" >\n\t\t<div class=\"tribe-events tribe-common\">\n\t\t\t<div class=\"tribe-events-c-subscribe-dropdown__container\">\n\t\t\t\t<div class=\"tribe-events-c-subscribe-dropdown\">\n\t\t\t\t\t<div class=\"tribe-common-c-btn-border tribe-events-c-subscribe-dropdown__button\">\n\t\t\t\t\t\t<svg\n\t class=\"tribe-common-c-svgicon tribe-common-c-svgicon--cal-export tribe-events-c-subscribe-dropdown__export-icon\" \taria-hidden=\"true\"\n\tviewBox=\"0 0 23 17\"\n\txmlns=\"http:\/\/www.w3.org\/2000\/svg\"\n>\n\t<path fill-rule=\"evenodd\" clip-rule=\"evenodd\" d=\"M.128.896V16.13c0 .211.145.383.323.383h15.354c.179 0 .323-.172.323-.383V.896c0-.212-.144-.383-.323-.383H.451C.273.513.128.684.128.896Zm16 6.742h-.901V4.679H1.009v10.729h14.218v-3.336h.901V7.638ZM1.01 1.614h14.218v2.058H1.009V1.614Z\" \/>\n\t<path d=\"M20.5 9.846H8.312M18.524 6.953l2.89 2.909-2.855 2.855\" stroke-width=\"1.2\" stroke-linecap=\"round\" stroke-linejoin=\"round\"\/>\n<\/svg>\n\t\t\t\t\t\t<button\n\t\t\t\t\t\t\tclass=\"tribe-events-c-subscribe-dropdown__button-text\"\n\t\t\t\t\t\t\taria-expanded=\"false\"\n\t\t\t\t\t\t\taria-controls=\"tribe-events-subscribe-dropdown-content\"\n\t\t\t\t\t\t\taria-label=\"Zobrazit odkazy pro p\u0159id\u00e1n\u00ed akc\u00ed do kalend\u00e1\u0159e\"\n\t\t\t\t\t\t>\n\t\t\t\t\t\t\tP\u0159idat do kalend\u00e1\u0159e\t\t\t\t\t\t<\/button>\n\t\t\t\t\t\t<svg\n\t class=\"tribe-common-c-svgicon tribe-common-c-svgicon--caret-down tribe-events-c-subscribe-dropdown__button-icon\" \taria-hidden=\"true\"\n\tviewBox=\"0 0 10 7\"\n\txmlns=\"http:\/\/www.w3.org\/2000\/svg\"\n>\n\t<path fill-rule=\"evenodd\" clip-rule=\"evenodd\" d=\"M1.008.609L5 4.6 8.992.61l.958.958L5 6.517.05 1.566l.958-.958z\" class=\"tribe-common-c-svgicon__svg-fill\"\/>\n<\/svg>\n\t\t\t\t\t<\/div>\n\t\t\t\t\t<div id=\"tribe-events-subscribe-dropdown-content\" class=\"tribe-events-c-subscribe-dropdown__content\">\n\t\t\t\t\t\t<ul class=\"tribe-events-c-subscribe-dropdown__list\">\n\t\t\t\t\t\t\t\t\t\t\t\t\t\t\t<li class=\"tribe-events-c-subscribe-dropdown__list-item tribe-events-c-subscribe-dropdown__list-item--gcal\">\n\t\t\t\t\t\t\t\t\t<a href=\"https:\/\/www.google.com\/calendar\/event?action=TEMPLATE&#038;dates=20250115T170000\/20250115T190000&#038;text=OSTRAVA%3A%20Beseda%20a%20autogrami%C3%A1da%20Daniela%20Krej%C4%8D%C3%ADka&#038;details=%3Cfigure+class%3D%22wp-block-image+size-large%22%3E%3Cimg+src%3D%22https%3A%2F%2Fwww.luxor.cz%2Fblog%2Fwp-content%2Fuploads%2FLUXOR_Krejcik_beseda_OC_Nova_Karolina_banner_1200x628-1024x536.jpg%22+alt%3D%22%22+class%3D%22wp-image-236587%22%2F%3E%3C%2Ffigure%3E%3Cp%3E%3C%2Fp%3E+%3Cp%3ESrde%C4%8Dn%C4%9B+v%C3%A1s+zveme+na+%3Cstrong%3Ebesedu+a+autogrami%C3%A1du+Daniela+Krej%C4%8D%C3%ADka%2C+%3C%2Fstrong%3Ekter%C3%A1+prob%C4%9Bhne+p%C5%99i+p%C5%99%C3%ADle%C5%BEitosti+vyd%C3%A1n%C3%AD+jeho+nov%C3%A9+knihy+%3Ca+href%3D%22https%3A%2F%2Fwww.luxor.cz%2Fv%2F2080606%2Fhajemstvi-pribeh-kluka-z-pohrebky%22+data-type%3D%22link%22+data-id%3D%22https%3A%2F%2Fwww.luxor.cz%2Fv%2F2080606%2Fhajemstvi-pribeh-kluka-z-pohrebky%22%3E%3Cem%3EH%C3%A1jemstv%C3%AD%3A+P%C5%99%C3%ADb%C4%9Bh+kluka+z+poh%C5%99ebky%3C%2Fem%3E%3C%2Fa%3E.+Akce+prob%C4%9Bhne+%3Cstrong%3Eve+st%C5%99edu+15.+ledna+od+17+hodin%3C%2Fstrong%3E+v+knihkupectv%C3%AD+LUXOR+OC+Forum+Nov%C3%A1+Karolina+v+Ostrav%C4%9B.%3C%2Fp%3E+%3Cp%3EP%C5%99ij%C4%8Fte+se+setkat+s+obl%C3%ADben%C3%BDm+hercem+a+autorem+a+nechte+si+podepsat+jeho+novinku%21%3C%2Fp%3E+%3Cp%3E%3Cstrong%3EVstup+je+zdarma.+%3C%2Fstrong%3E%3C%2Fp%3E+%3Cp%3E%3C%2Fp%3E+%3Cp%3E%3C%2Fp%3E+%3Cdiv+class%3D%22wp-block-columns%22%3E%3Cdiv+class%3D%22wp-block-column+is-vertically-aligned-center%22%3E%3Cfigure+cl%3C%2Fdiv%3E%3C%2Fdiv%3E+%28View+Full+akce+Description+Here%3A+https%3A%2F%2Fwww.luxor.cz%2Fblog%2Fakce%2Fostrava-beseda-a-autogramiada-daniela-krejcika%2F%29&#038;location=Knihkupectv\u00ed%20Forum,%20OC%20Forum,%20Liberec,%2046001,%20\u010cesk\u00e1%20republika&#038;trp=false&#038;ctz=Europe\/Prague&#038;sprop=website:https:\/\/www.luxor.cz\/blog\" class=\"tribe-events-c-subscribe-dropdown__list-item-link\" target=\"_blank\" rel=\"noopener noreferrer nofollow noindex\">\n\t\t\t\t\t\t\t\t\t\tKalend\u00e1\u0159 Google\t\t\t\t\t\t\t\t\t<\/a>\n\t\t\t\t\t\t\t\t<\/li>\n\t\t\t\t\t\t\t\t\t\t\t\t\t\t\t<li class=\"tribe-events-c-subscribe-dropdown__list-item tribe-events-c-subscribe-dropdown__list-item--ical\">\n\t\t\t\t\t\t\t\t\t<a\n\t\t\t\t\t\t\t\t\t\thref=\"\"\n\t\t\t\t\t\t\t\t\t\tclass=\"tribe-events-c-subscribe-dropdown__list-item-link\"\n\t\t\t\t\t\t\t\t\t\ttarget=\"_blank\"\n\t\t\t\t\t\t\t\t\t\trel=\"noopener noreferrer nofollow noindex\"\n\t\t\t\t\t\t\t\t\t>\n\t\t\t\t\t\t\t\t\t\tiCalendar\t\t\t\t\t\t\t\t\t<\/a>\n\t\t\t\t\t\t\t\t<\/li>\n\t\t\t\t\t\t\t\t\t\t\t\t\t\t\t<li class=\"tribe-events-c-subscribe-dropdown__list-item tribe-events-c-subscribe-dropdown__list-item--outlook-365\">\n\t\t\t\t\t\t\t\t\t<a\n\t\t\t\t\t\t\t\t\t\thref=\"\"\n\t\t\t\t\t\t\t\t\t\tclass=\"tribe-events-c-subscribe-dropdown__list-item-link\"\n\t\t\t\t\t\t\t\t\t\ttarget=\"_blank\"\n\t\t\t\t\t\t\t\t\t\trel=\"noopener noreferrer nofollow noindex\"\n\t\t\t\t\t\t\t\t\t>\n\t\t\t\t\t\t\t\t\t\tOutlook 365\t\t\t\t\t\t\t\t\t<\/a>\n\t\t\t\t\t\t\t\t<\/li>\n\t\t\t\t\t\t\t\t\t\t\t\t\t\t\t<li class=\"tribe-events-c-subscribe-dropdown__list-item tribe-events-c-subscribe-dropdown__list-item--outlook-live\">\n\t\t\t\t\t\t\t\t\t<a\n\t\t\t\t\t\t\t\t\t\thref=\"\"\n\t\t\t\t\t\t\t\t\t\tclass=\"tribe-events-c-subscribe-dropdown__list-item-link\"\n\t\t\t\t\t\t\t\t\t\ttarget=\"_blank\"\n\t\t\t\t\t\t\t\t\t\trel=\"noopener noreferrer nofollow noindex\"\n\t\t\t\t\t\t\t\t\t>\n\t\t\t\t\t\t\t\t\t\tOutlook Live\t\t\t\t\t\t\t\t\t<\/a>\n\t\t\t\t\t\t\t\t<\/li>\n\t\t\t\t\t\t\t\t\t\t\t\t\t<\/ul>\n\t\t\t\t\t<\/div>\n\t\t\t\t<\/div>\n\t\t\t<\/div>\n\t\t<\/div>\n\t<\/div>\n\n","protected":false},"excerpt":{"rendered":"<p>Srde\u010dn\u011b v\u00e1s zveme na besedu a autogrami\u00e1du Daniela Krej\u010d\u00edka, kter\u00e1 prob\u011bhne p\u0159i p\u0159\u00edle\u017eitosti vyd\u00e1n\u00ed jeho nov\u00e9 knihy H\u00e1jemstv\u00ed: P\u0159\u00edb\u011bh kluka z poh\u0159ebky. Akce prob\u011bhne ve st\u0159edu 15. ledna od 17 [&hellip;]<\/p>\n","protected":false},"author":9,"featured_media":0,"template":"","meta":{"_acf_changed":false,"_monsterinsights_skip_tracking":false,"_monsterinsights_sitenote_active":false,"_monsterinsights_sitenote_note":"","_monsterinsights_sitenote_category":0,"_EventAllDay":false,"_EventTimezone":"Europe\/Prague","_EventStartDate":"2025-01-15 17:00:00","_EventEndDate":"2025-01-15 19:00:00","_EventStartDateUTC":"2025-01-15 16:00:00","_EventEndDateUTC":"2025-01-15 18:00:00","_EventShowMap":false,"_EventShowMapLink":false,"_EventURL":"https:\/\/www.facebook.com\/events\/3717153691840365","_EventCost":"","_EventCostDescription":"","_EventCurrencySymbol":"K\u010d","_EventCurrencyCode":"USD","_EventCurrencyPosition":"suffix","_EventDateTimeSeparator":" ","_EventTimeRangeSeparator":" - ","_EventOrganizerID":[],"_EventVenueID":[423],"_OrganizerEmail":"","_OrganizerPhone":"","_OrganizerWebsite":"","_VenueAddress":"","_VenueCity":"","_VenueCountry":"","_VenueProvince":"","_VenueState":"","_VenueZip":"","_VenuePhone":"","_VenueURL":"","_VenueStateProvince":"","_VenueLat":"","_VenueLng":"","_VenueShowMap":false,"_VenueShowMapLink":false,"_tribe_events_status":"","_tribe_events_status_reason":"","twitterCardType":"","cardImageID":0,"cardImage":"","cardTitle":"","cardDesc":"","cardImageAlt":"","cardPlayer":"","cardPlayerWidth":0,"cardPlayerHeight":0,"cardPlayerStream":"","cardPlayerCodec":"","footnotes":""},"tags":[],"tribe_events_cat":[],"class_list":["post-236586","tribe_events","type-tribe_events","status-publish","hentry"],"acf":[],"_links":{"self":[{"href":"https:\/\/www.luxor.cz\/blog\/wp-json\/wp\/v2\/tribe_events\/236586","targetHints":{"allow":["GET"]}}],"collection":[{"href":"https:\/\/www.luxor.cz\/blog\/wp-json\/wp\/v2\/tribe_events"}],"about":[{"href":"https:\/\/www.luxor.cz\/blog\/wp-json\/wp\/v2\/types\/tribe_events"}],"author":[{"embeddable":true,"href":"https:\/\/www.luxor.cz\/blog\/wp-json\/wp\/v2\/users\/9"}],"version-history":[{"count":0,"href":"https:\/\/www.luxor.cz\/blog\/wp-json\/wp\/v2\/tribe_events\/236586\/revisions"}],"wp:attachment":[{"href":"https:\/\/www.luxor.cz\/blog\/wp-json\/wp\/v2\/media?parent=236586"}],"wp:term":[{"taxonomy":"post_tag","embeddable":true,"href":"https:\/\/www.luxor.cz\/blog\/wp-json\/wp\/v2\/tags?post=236586"},{"taxonomy":"tribe_events_cat","embeddable":true,"href":"https:\/\/www.luxor.cz\/blog\/wp-json\/wp\/v2\/tribe_events_cat?post=236586"}],"curies":[{"name":"wp","href":"https:\/\/api.w.org\/{rel}","templated":true}]}}